{"id":20,"date":"2025-05-05T16:22:00","date_gmt":"2025-05-05T16:22:00","guid":{"rendered":"https:\/\/vera.visuelle.design\/?page_id=20"},"modified":"2025-05-20T15:24:04","modified_gmt":"2025-05-20T15:24:04","slug":"home","status":"publish","type":"page","link":"https:\/\/vera.visuelle.design\/","title":{"rendered":"HOME"},"content":{"rendered":"<p>[et_pb_section fb_built=&#8220;1&#8243; fullwidth=&#8220;on&#8220; _builder_version=&#8220;4.27.4&#8243; _module_preset=&#8220;default&#8220; box_shadow_style=&#8220;preset3&#8243; global_colors_info=&#8220;{}&#8220;][et_pb_fullwidth_image src=&#8220;https:\/\/vera.visuelle.design\/wp-content\/uploads\/2025\/05\/collage-VeraFloki-scaled.jpg&#8220; title_text=&#8220;collage-Vera+Floki&#8220; _builder_version=&#8220;4.27.4&#8243; _module_preset=&#8220;default&#8220; global_colors_info=&#8220;{}&#8220;][\/et_pb_fullwidth_image][\/et_pb_section][et_pb_section fb_built=&#8220;1&#8243; _builder_version=&#8220;4.27.4&#8243; _module_preset=&#8220;default&#8220; custom_margin=&#8220;|||1px|false|false&#8220; custom_padding=&#8220;14px||11px||false|false&#8220; global_colors_info=&#8220;{}&#8220;][et_pb_row _builder_version=&#8220;4.27.4&#8243; _module_preset=&#8220;default&#8220; custom_margin=&#8220;4px|auto||auto||&#8220; custom_padding=&#8220;8px||11px|||&#8220; global_colors_info=&#8220;{}&#8220;][et_pb_column type=&#8220;4_4&#8243; _builder_version=&#8220;4.27.4&#8243; _module_preset=&#8220;default&#8220; global_colors_info=&#8220;{}&#8220;][et_pb_text _builder_version=&#8220;4.27.4&#8243; _module_preset=&#8220;default&#8220; min_height=&#8220;351px&#8220; custom_margin=&#8220;1px||-9px|||&#8220; custom_padding=&#8220;8px|||||&#8220; global_colors_info=&#8220;{}&#8220;]<\/p>\n<h1><span style=\"color: #000000;\">\u201eAm liebsten bin ich Tagesmutter\u201c gemeinsam mit Floki.<\/span><\/h1>\n<p><span style=\"color: #000000;\">Ich hei\u00dfe Vera, z\u00e4hle 58 Jahre und bin eine sehr erfahrene P\u00e4dagogin\/Erzieherin mit \u00fcber 30 Jahren Berufserfahrung.<br \/><\/span><span style=\"color: #000000;\">Mein berufliches Spektrum: langj\u00e4hrige Referentin und Kursleitung im Elter-Kind Bereich, Erzieherin im Kindergarten, station\u00e4re Therapie und Diagnostik und seit einigen Jahren gl\u00fcckliche Tagesmutter.<\/span><\/p>\n<p><span style=\"color: #000000;\">Mit einer Menge an Freude und Fachkenntnis begleite ich Kinder und ihre Eltern \u2013 ein St\u00fcckchen.<\/span><\/p>\n<p><span style=\"color: #000000;\">Meine Einrichtung bietet f\u00fcnf Kindern im Alter von 12-36 Monaten einen Platz &#8211; ggf. nach Absprache auch f\u00fcr Kinder, die \u00e4lter als 36 Monate sind. Meine \u00d6ffnungszeiten sind von Montag bis Freitag, in der Regel von 7:30 bis 14:30 Uhr und nach Absprache!<span class=\"Apple-converted-space\"><\/span><\/span><\/p>\n<p><span style=\"color: #000000;\">Im gesch\u00fctzten Rahmen meiner Einrichtung begleite ich Ihre Kinder gemeinsam mit Ihnen als Eltern, individuell und bed\u00fcrfnisorientiert um die kindliche Bildung sowie die Selbstwirksamkeit in Freude zu f\u00f6rdern. Meine Arbeit basiert auf der Grundlage der Herzensbildung.<br \/>Die Herzensbildung eines Kindes beginnt mit Herzlichkeit, Geduld und Verst\u00e4ndnis. Mit vollster Herzensw\u00e4rme begegne ich Kindern, im klaren Wissen, dass positive sowie wertsch\u00e4tzende Interaktion die kindliche Bildung f\u00f6rdert. <\/span><\/p>\n<p><span style=\"color: #000000;\">Eine meiner Weiterbildungen ist die tiergest\u00fctzte P\u00e4dagogik (Institut f\u00fcr soziales Lernen mit Tieren \u2013 ISSAT), diese bef\u00e4higt mich zum professionellen Einsatz von Tieren. Zahlreiche Studien beschreiben die f\u00f6rdernde Wirkung von Tieren im p\u00e4dagogischen Einsatz. Mein Hund Floki unterst\u00fctzt eine gute Lernbasis, motiviert und regt ganz automatisch die Empathie der Kinder an.<\/span><\/p>\n<p><span style=\"color: #000000;\"><\/span><\/p>\n<p>[\/et_pb_text][\/et_pb_column][\/et_pb_row][\/et_pb_section][et_pb_section fb_built=&#8220;1&#8243; fullwidth=&#8220;on&#8220; module_id=&#8220;leitbild&#8220; _builder_version=&#8220;4.27.4&#8243; _module_preset=&#8220;default&#8220; box_shadow_style=&#8220;preset3&#8243; global_colors_info=&#8220;{}&#8220;][et_pb_fullwidth_image src=&#8220;https:\/\/vera.visuelle.design\/wp-content\/uploads\/2025\/05\/collage-Raeume-scaled.jpg&#8220; title_text=&#8220;collage-R\u00e4ume&#8220; _builder_version=&#8220;4.27.4&#8243; _module_preset=&#8220;default&#8220; custom_margin=&#8220;||-3px|||&#8220; global_colors_info=&#8220;{}&#8220;][\/et_pb_fullwidth_image][\/et_pb_section][et_pb_section fb_built=&#8220;1&#8243; _builder_version=&#8220;4.27.4&#8243; _module_preset=&#8220;default&#8220; custom_padding=&#8220;12px||10px|||&#8220; global_colors_info=&#8220;{}&#8220;][et_pb_row _builder_version=&#8220;4.27.4&#8243; _module_preset=&#8220;default&#8220; global_colors_info=&#8220;{}&#8220;][et_pb_column type=&#8220;4_4&#8243; _builder_version=&#8220;4.27.4&#8243; _module_preset=&#8220;default&#8220; global_colors_info=&#8220;{}&#8220;][et_pb_text _builder_version=&#8220;4.27.4&#8243; _module_preset=&#8220;default&#8220; hover_enabled=&#8220;0&#8243; global_colors_info=&#8220;{}&#8220; sticky_enabled=&#8220;0&#8243;]<\/p>\n<h1><span style=\"color: #000000;\">Leitbild<\/span><\/h1>\n<p><span style=\"color: #000000;\">\u201eErz\u00e4hle mir, und ich vergesse. Zeige mir, und ich erinnere. Lass es mich tun, und ich verstehe. (Konfuzius)<\/span><\/p>\n<p><span style=\"color: #000000;\">Die Kinder m\u00f6chten sich ein Bild von der Welt machen. Niemand sonst kann dies f\u00fcr sie tun. <\/span><span style=\"color: #000000;\">Kinder bilden sich nicht in dem sie fertige Wissen und K\u00f6nnen von anderen \u00fcbernehmen, vielmehr lernen Kinder \u00fcber eigenes aktives Befassen. <\/span><\/p>\n<p><span style=\"color: #000000;\">Meine Arbeit mit den kleinen Pers\u00f6nlichkeiten ist gepr\u00e4gt von Annahme und zwar um ihrer selbst willen.\u00a0Ich unterst\u00fctze die Kinder individuell bei ihrem Vorhaben, ermutige und inspiriere in Freude, im Bestreben die kindliche Selbstbildung anzuregen und Kinder in ihrer Bildung zu unterst\u00fctzen. <\/span><span style=\"color: #000000;\">Mit dem fachlichen Wissen und f\u00f6rdernder Herzlichkeit kann ich sagen, dass Bildung und Selbstvertrauen unmittelbar verbunden sind. <\/span><\/p>\n<p><span style=\"color: #000000;\">Wenn ein Kind geboren wird, dann sagt man \u201eEin Kind kommt zur Welt\u201c.<br \/><\/span><span style=\"color: #000000;\">Sorgen wir daf\u00fcr, dass dieses Kind Lust auf das Leben hat und die Welt mit all seinen Sinnen erleben und begreifen kann.<\/span><\/p>\n<p>[\/et_pb_text][\/et_pb_column][\/et_pb_row][\/et_pb_section][et_pb_section fb_built=&#8220;1&#8243; fullwidth=&#8220;on&#8220; module_id=&#8220;tagesablauf&#8220; _builder_version=&#8220;4.27.4&#8243; _module_preset=&#8220;default&#8220; box_shadow_style=&#8220;preset3&#8243; global_colors_info=&#8220;{}&#8220;][et_pb_fullwidth_image src=&#8220;https:\/\/vera.visuelle.design\/wp-content\/uploads\/2025\/05\/Kinder-scaled.jpg&#8220; title_text=&#8220;Kinder&#8220; _builder_version=&#8220;4.27.4&#8243; _module_preset=&#8220;default&#8220; global_colors_info=&#8220;{}&#8220;][\/et_pb_fullwidth_image][\/et_pb_section][et_pb_section fb_built=&#8220;1&#8243; _builder_version=&#8220;4.27.4&#8243; _module_preset=&#8220;default&#8220; custom_padding=&#8220;12px||10px|||&#8220; global_colors_info=&#8220;{}&#8220;][et_pb_row _builder_version=&#8220;4.27.4&#8243; _module_preset=&#8220;default&#8220; global_colors_info=&#8220;{}&#8220;][et_pb_column type=&#8220;4_4&#8243; _builder_version=&#8220;4.27.4&#8243; _module_preset=&#8220;default&#8220; global_colors_info=&#8220;{}&#8220;][et_pb_text _builder_version=&#8220;4.27.4&#8243; _module_preset=&#8220;default&#8220; global_colors_info=&#8220;{}&#8220;]<\/p>\n<h1><span style=\"color: #000000;\">Tagesablauf<\/span><\/h1>\n<p><span style=\"color: #000000;\">Die t\u00e4glich aktuellen Gegebenheiten und das laufende und geplante Tagesgeschehen l\u00e4sst unsere Zeitplanung durchaus Situationsangepasst beschreiben. Die Bed\u00fcrfnisse der Kinder, die Gruppensituation, geplante Aktionen sowie die Wetterverh\u00e4ltnisse bestimmen mit.<\/span><\/p>\n<p><span style=\"color: #000000;\">Wir starten derzeit um 07.30 Uhr und so nach und nach kommen alle Kinder in der Gruppe an. Der Fr\u00fchst\u00fcckstisch ist bereits gedeckt und wer mag nimmt gerne schon, mit mir gemeinsam, etwas ein.<\/span><\/p>\n<p><span style=\"color: #000000;\">Das gemeinsame Fr\u00fchst\u00fcck starten wir, wenn alle Kinder eingetroffen sind und wir es gemeinsam beschlossen haben, denn manchmal hat das Kind grad noch keine Zeit, vielleicht ist grad ein Spiel wichtiger. <\/span><span style=\"color: #000000;\">Mittbestimmung f\u00e4ngt schon bei Fr\u00fchst\u00fccken an!<\/span><\/p>\n<p><span style=\"color: #000000;\">Das Mittagessen startet mit \u201eESSEN KINDER\u201c derzeit gegen 11.15 Uhr. <br \/><\/span><span style=\"color: #000000;\">Im Anschluss ist die Ruhezeit derzeit bis ca. 13.30 Uhr.<br \/><\/span><span style=\"color: #000000;\">Nach entspanntem wach werden essen wir etwas und starten unser Vorhaben.<\/span><\/p>\n<p><span style=\"color: #000000;\">Eine von mir festgelegte Abholzeit gibt es hier nicht.<\/span><\/p>\n<p>[\/et_pb_text][\/et_pb_column][\/et_pb_row][\/et_pb_section][et_pb_section fb_built=&#8220;1&#8243; fullwidth=&#8220;on&#8220; module_id=&#8220;umgebung&#8220; _builder_version=&#8220;4.27.4&#8243; _module_preset=&#8220;default&#8220; link_option_url=&#8220;umgebung&#8220; box_shadow_style=&#8220;preset3&#8243; global_colors_info=&#8220;{}&#8220;][et_pb_fullwidth_image src=&#8220;https:\/\/vera.visuelle.design\/wp-content\/uploads\/2025\/05\/collage-Natur-scaled.jpg&#8220; title_text=&#8220;collage-Natur&#8220; _builder_version=&#8220;4.27.4&#8243; _module_preset=&#8220;default&#8220; global_colors_info=&#8220;{}&#8220;][\/et_pb_fullwidth_image][\/et_pb_section][et_pb_section fb_built=&#8220;1&#8243; _builder_version=&#8220;4.27.4&#8243; _module_preset=&#8220;default&#8220; custom_padding=&#8220;21px||6px|||&#8220; global_colors_info=&#8220;{}&#8220;][et_pb_row _builder_version=&#8220;4.27.4&#8243; _module_preset=&#8220;default&#8220; custom_padding=&#8220;5px||2px|||&#8220; global_colors_info=&#8220;{}&#8220;][et_pb_column type=&#8220;4_4&#8243; _builder_version=&#8220;4.27.4&#8243; _module_preset=&#8220;default&#8220; global_colors_info=&#8220;{}&#8220;][et_pb_text _builder_version=&#8220;4.27.4&#8243; _module_preset=&#8220;default&#8220; global_colors_info=&#8220;{}&#8220;]<\/p>\n<h1><span style=\"color: #000000;\">Natur &amp; Umgebung<\/span><\/h1>\n<p><span style=\"color: #000000;\">Wenn es das Wetter zul\u00e4sst, sind wir viel in der Natur unterwegs. Mit unserem Winther-Turtle-Kinderbus erreichen wir, in weniger als 10 Minuten Laufweg, sehr sch\u00f6ne Pl\u00e4tze. <span class=\"Apple-converted-space\"> Auf dem Spazierweg kommen wir an einem gro\u00dfen Kastanienbaum vorbei, mit dem wir sozusagen durch das Jahr gehen &#8211; Wir finden es ist unser Baum.<\/span><\/span><\/p>\n<p><span style=\"color: #000000;\">Im Heidebl\u00fcmchenpark sammeln wir z.B. Bl\u00e4tter und \u00c4ste. Auf dem Lippedamm laufen wir durch das Naturschutzgebiet Lippeauen.<\/span><\/p>\n<p><span style=\"color: #000000;\">Mit Bausteinen bauen wir nicht nur auf dem Bauteppich auch im Garten stehen gro\u00dfe bunte Bausteine zur Verf\u00fcgung.<br \/>Gern vergn\u00fcgen wir uns bei Lauf- und Bewegungsspiele. Auf der Picknickdecke oder im kleinen Zelten spielen wir unsere Gesellschaftsspiele, puzzeln, schauen B\u00fccher, spielen mit Handpuppen, beobachten, singen Lieder und vieles mehr.\u00a0<\/span><\/p>\n<p><span style=\"color: #000000;\">Und immer begleitet uns Floki mit gro\u00dfer Neugier und Freude.<\/span><\/p>\n<p>[\/et_pb_text][\/et_pb_column][\/et_pb_row][\/et_pb_section][et_pb_section fb_built=&#8220;1&#8243; fullwidth=&#8220;on&#8220; module_id=&#8220;infos&#8220; _builder_version=&#8220;4.27.4&#8243; _module_preset=&#8220;default&#8220; custom_margin=&#8220;14px||-4px|||&#8220; box_shadow_style=&#8220;preset3&#8243; global_colors_info=&#8220;{}&#8220;][et_pb_fullwidth_image src=&#8220;https:\/\/vera.visuelle.design\/wp-content\/uploads\/2025\/05\/collage-Floki2-scaled.jpg&#8220; title_text=&#8220;collage-Floki2&#8243; _builder_version=&#8220;4.27.4&#8243; _module_preset=&#8220;default&#8220; custom_padding=&#8220;3px|||||&#8220; global_colors_info=&#8220;{}&#8220;][\/et_pb_fullwidth_image][\/et_pb_section][et_pb_section fb_built=&#8220;1&#8243; _builder_version=&#8220;4.27.4&#8243; _module_preset=&#8220;default&#8220; custom_padding=&#8220;20px||8px||false|false&#8220; global_colors_info=&#8220;{}&#8220;][et_pb_row _builder_version=&#8220;4.27.4&#8243; _module_preset=&#8220;default&#8220; custom_padding=&#8220;8px||0px||false|false&#8220; global_colors_info=&#8220;{}&#8220;][et_pb_column type=&#8220;4_4&#8243; _builder_version=&#8220;4.27.4&#8243; _module_preset=&#8220;default&#8220; global_colors_info=&#8220;{}&#8220;][et_pb_text _builder_version=&#8220;4.27.4&#8243; _module_preset=&#8220;default&#8220; custom_margin=&#8220;-1px|||||&#8220; custom_padding=&#8220;||0px|||&#8220; global_colors_info=&#8220;{}&#8220;]<\/p>\n<h1><span style=\"color: #000000;\">Infos<\/span><\/h1>\n<p><span style=\"color: #000000;\">Die Kosten sind einkommensabh\u00e4ngig und werden \u00fcber die Stadt L\u00fcnen abgerechnet (wie beim Kindergarten). Ich arbeite in der Kooperation mit der Stadt L\u00fcnen und der AWO in L\u00fcnen.<\/span><\/p>\n<p><span style=\"color: #000000;\">Meiner fachlichen Einsch\u00e4tzung nach ist das Lernen in der Kindertagespflege Einrichtung eine \u00fcberaus wertvolle Lernstufe, f\u00fcr die gro\u00dfe Aufgabe &#8212; Kindergarten. <\/span><\/p>\n<p><span style=\"color: #000000;\">Die Dauer der Kindergartenzeit k\u00f6nnte durchaus ca. 4-5 Jahre betragen.<br \/>Der sanfte Einstieg in eine Kindertageseinrichtung, in Form einer Kindertagespflege, scheint zur kindlichen St\u00e4rkung sinnreich. <\/span><span style=\"color: #000000;\">In einer gewohnt h\u00e4uslichen Umgebung greife ich schon erworbene F\u00e4higkeiten auf, vertiefe und f\u00f6rdere Ihr Kind.<br \/>Kinder in dem recht jungen Alter finden in Wohnr\u00e4umen eine Normalit\u00e4t. Jeder meiner R\u00e4ume ist kindgerecht und anregend.<\/span><span style=\"color: #000000; font-size: 15px;\">\u00a0<\/span><\/p>\n<p>[\/et_pb_text][\/et_pb_column][\/et_pb_row][\/et_pb_section][et_pb_section fb_built=&#8220;1&#8243; fullwidth=&#8220;on&#8220; module_id=&#8220;infos&#8220; _builder_version=&#8220;4.27.4&#8243; _module_preset=&#8220;default&#8220; custom_margin=&#8220;14px|||||&#8220; box_shadow_style=&#8220;preset3&#8243; global_colors_info=&#8220;{}&#8220;][et_pb_fullwidth_image src=&#8220;https:\/\/vera.visuelle.design\/wp-content\/uploads\/2025\/05\/collage-aktivitaeten-scaled.jpg&#8220; title_text=&#8220;collage-aktivitaeten&#8220; _builder_version=&#8220;4.27.4&#8243; _module_preset=&#8220;default&#8220; custom_padding=&#8220;3px|||||&#8220; global_colors_info=&#8220;{}&#8220;][\/et_pb_fullwidth_image][\/et_pb_section][et_pb_section fb_built=&#8220;1&#8243; _builder_version=&#8220;4.27.4&#8243; _module_preset=&#8220;default&#8220; custom_padding=&#8220;19px||5px|||&#8220; global_colors_info=&#8220;{}&#8220;][et_pb_row _builder_version=&#8220;4.27.4&#8243; _module_preset=&#8220;default&#8220; custom_padding=&#8220;8px||0px||false|false&#8220; global_colors_info=&#8220;{}&#8220;][et_pb_column type=&#8220;4_4&#8243; _builder_version=&#8220;4.27.4&#8243; _module_preset=&#8220;default&#8220; global_colors_info=&#8220;{}&#8220;][et_pb_text _builder_version=&#8220;4.27.4&#8243; _module_preset=&#8220;default&#8220; custom_margin=&#8220;-1px|||||&#8220; custom_padding=&#8220;||0px|||&#8220; global_colors_info=&#8220;{}&#8220;]<\/p>\n<h1>Kontakt<\/h1>\n<p><span style=\"color: #000000;\">Liebe Familien,<\/span><\/p>\n<p><span style=\"color: #000000;\">ich freue mich auf Euch!<\/span><\/p>\n<p><span style=\"color: #000000;\">Gerne gebe ich Einblick in die Kindertagespflege allgemein und mit Freude und Begeisterung stelle ich Ihne meine Einrichtung vor.<\/span><br \/><span style=\"color: #000000;\">Nehmen Sie einfach kurzerhand den Kontakt zu mit auf: \u00fcber das Kontaktformular, Telefon, WhatsApp oder E-Mail.<\/span><\/p>\n<p><span style=\"color: #000000;\"><\/span><\/p>\n<p><span style=\"color: #000000;\">Kindertagespflege Vera &amp; Floki<br \/>Vera Mischke-Willuhn, H\u00fcnenweg 10, 44534 L\u00fcnen<\/span><\/p>\n<p><span style=\"color: #000000;\">Telefon: 0152 256 82 689<br \/><\/span><span style=\"color: #000000;\">E-Mail: vera@kindertagespflege-l\u00fcnen.de<\/span><\/p>\n<p>&nbsp;<\/p>\n<p>[\/et_pb_text][\/et_pb_column][\/et_pb_row][\/et_pb_section][et_pb_section fb_built=&#8220;1&#8243; module_id=&#8220;kontakt&#8220; _builder_version=&#8220;4.27.4&#8243; _module_preset=&#8220;default&#8220; background_color=&#8220;#78b500&#8243; custom_margin=&#8220;-6px|||||&#8220; global_colors_info=&#8220;{}&#8220;][et_pb_row _builder_version=&#8220;4.27.4&#8243; _module_preset=&#8220;default&#8220; global_colors_info=&#8220;{}&#8220;][et_pb_column type=&#8220;4_4&#8243; _builder_version=&#8220;4.27.4&#8243; _module_preset=&#8220;default&#8220; global_colors_info=&#8220;{}&#8220;][et_pb_contact_form _builder_version=&#8220;4.27.4&#8243; _module_preset=&#8220;default&#8220; _unique_id=&#8220;3826add9-0247-480c-a53b-b3fb2e21bc43&#8243; form_field_background_color=&#8220;#FFFFFF&#8220; form_field_text_color=&#8220;#000000&#8243; captcha_text_color=&#8220;#FFFFFF&#8220; custom_button=&#8220;on&#8220; button_text_color=&#8220;#000000&#8243; button_bg_color=&#8220;#FFFFFF&#8220; button_border_color=&#8220;RGBA(255,255,255,0)&#8220; button_border_radius=&#8220;0px&#8220; global_colors_info=&#8220;{}&#8220;][et_pb_contact_field field_id=&#8220;Name&#8220; field_title=&#8220;Name&#8220; _builder_version=&#8220;4.16&#8243; global_colors_info=&#8220;{}&#8220; button_text_size__hover_enabled=&#8220;off&#8220; button_one_text_size__hover_enabled=&#8220;off&#8220; button_two_text_size__hover_enabled=&#8220;off&#8220; button_text_color__hover_enabled=&#8220;off&#8220; button_one_text_color__hover_enabled=&#8220;off&#8220; button_two_text_color__hover_enabled=&#8220;off&#8220; button_border_width__hover_enabled=&#8220;off&#8220; button_one_border_width__hover_enabled=&#8220;off&#8220; button_two_border_width__hover_enabled=&#8220;off&#8220; button_border_color__hover_enabled=&#8220;off&#8220; button_one_border_color__hover_enabled=&#8220;off&#8220; button_two_border_color__hover_enabled=&#8220;off&#8220; button_border_radius__hover_enabled=&#8220;off&#8220; button_one_border_radius__hover_enabled=&#8220;off&#8220; button_two_border_radius__hover_enabled=&#8220;off&#8220; button_letter_spacing__hover_enabled=&#8220;off&#8220; button_one_letter_spacing__hover_enabled=&#8220;off&#8220; button_two_letter_spacing__hover_enabled=&#8220;off&#8220; button_bg_color__hover_enabled=&#8220;off&#8220; button_one_bg_color__hover_enabled=&#8220;off&#8220; button_two_bg_color__hover_enabled=&#8220;off&#8220;][\/et_pb_contact_field][et_pb_contact_field field_id=&#8220;Email&#8220; field_title=&#8220;E-Mail-Adresse&#8220; field_type=&#8220;email&#8220; _builder_version=&#8220;4.16&#8243; global_colors_info=&#8220;{}&#8220; button_text_size__hover_enabled=&#8220;off&#8220; button_one_text_size__hover_enabled=&#8220;off&#8220; button_two_text_size__hover_enabled=&#8220;off&#8220; button_text_color__hover_enabled=&#8220;off&#8220; button_one_text_color__hover_enabled=&#8220;off&#8220; button_two_text_color__hover_enabled=&#8220;off&#8220; button_border_width__hover_enabled=&#8220;off&#8220; button_one_border_width__hover_enabled=&#8220;off&#8220; button_two_border_width__hover_enabled=&#8220;off&#8220; button_border_color__hover_enabled=&#8220;off&#8220; button_one_border_color__hover_enabled=&#8220;off&#8220; button_two_border_color__hover_enabled=&#8220;off&#8220; button_border_radius__hover_enabled=&#8220;off&#8220; button_one_border_radius__hover_enabled=&#8220;off&#8220; button_two_border_radius__hover_enabled=&#8220;off&#8220; button_letter_spacing__hover_enabled=&#8220;off&#8220; button_one_letter_spacing__hover_enabled=&#8220;off&#8220; button_two_letter_spacing__hover_enabled=&#8220;off&#8220; button_bg_color__hover_enabled=&#8220;off&#8220; button_one_bg_color__hover_enabled=&#8220;off&#8220; button_two_bg_color__hover_enabled=&#8220;off&#8220;][\/et_pb_contact_field][et_pb_contact_field field_id=&#8220;Message&#8220; field_title=&#8220;Nachricht&#8220; field_type=&#8220;text&#8220; fullwidth_field=&#8220;on&#8220; _builder_version=&#8220;4.27.4&#8243; global_colors_info=&#8220;{}&#8220; button_text_size__hover_enabled=&#8220;off&#8220; button_one_text_size__hover_enabled=&#8220;off&#8220; button_two_text_size__hover_enabled=&#8220;off&#8220; button_text_color__hover_enabled=&#8220;off&#8220; button_one_text_color__hover_enabled=&#8220;off&#8220; button_two_text_color__hover_enabled=&#8220;off&#8220; button_border_width__hover_enabled=&#8220;off&#8220; button_one_border_width__hover_enabled=&#8220;off&#8220; button_two_border_width__hover_enabled=&#8220;off&#8220; button_border_color__hover_enabled=&#8220;off&#8220; button_one_border_color__hover_enabled=&#8220;off&#8220; button_two_border_color__hover_enabled=&#8220;off&#8220; button_border_radius__hover_enabled=&#8220;off&#8220; button_one_border_radius__hover_enabled=&#8220;off&#8220; button_two_border_radius__hover_enabled=&#8220;off&#8220; button_letter_spacing__hover_enabled=&#8220;off&#8220; button_one_letter_spacing__hover_enabled=&#8220;off&#8220; button_two_letter_spacing__hover_enabled=&#8220;off&#8220; button_bg_color__hover_enabled=&#8220;off&#8220; button_one_bg_color__hover_enabled=&#8220;off&#8220; button_two_bg_color__hover_enabled=&#8220;off&#8220;][\/et_pb_contact_field][\/et_pb_contact_form][\/et_pb_column][\/et_pb_row][\/et_pb_section]<\/p>\n","protected":false},"excerpt":{"rendered":"<p>\u201eAm liebsten bin ich Tagesmutter\u201c gemeinsam mit Floki. Ich hei\u00dfe Vera, z\u00e4hle 58 Jahre und bin eine sehr erfahrene P\u00e4dagogin\/Erzieherin mit \u00fcber 30 Jahren Berufserfahrung.Mein berufliches Spektrum: langj\u00e4hrige Referentin und Kursleitung im Elter-Kind Bereich, Erzieherin im Kindergarten, station\u00e4re Therapie und Diagnostik und seit einigen Jahren gl\u00fcckliche Tagesmutter. Mit einer Menge an Freude und Fachkenntnis begleite [&hellip;]<\/p>\n","protected":false},"author":1,"featured_media":0,"parent":0,"menu_order":0,"comment_status":"closed","ping_status":"closed","template":"","meta":{"_et_pb_use_builder":"on","_et_pb_old_content":"","_et_gb_content_width":"","footnotes":""},"class_list":["post-20","page","type-page","status-publish","hentry"],"_links":{"self":[{"href":"https:\/\/vera.visuelle.design\/index.php?rest_route=\/wp\/v2\/pages\/20","targetHints":{"allow":["GET"]}}],"collection":[{"href":"https:\/\/vera.visuelle.design\/index.php?rest_route=\/wp\/v2\/pages"}],"about":[{"href":"https:\/\/vera.visuelle.design\/index.php?rest_route=\/wp\/v2\/types\/page"}],"author":[{"embeddable":true,"href":"https:\/\/vera.visuelle.design\/index.php?rest_route=\/wp\/v2\/users\/1"}],"replies":[{"embeddable":true,"href":"https:\/\/vera.visuelle.design\/index.php?rest_route=%2Fwp%2Fv2%2Fcomments&post=20"}],"version-history":[{"count":108,"href":"https:\/\/vera.visuelle.design\/index.php?rest_route=\/wp\/v2\/pages\/20\/revisions"}],"predecessor-version":[{"id":377,"href":"https:\/\/vera.visuelle.design\/index.php?rest_route=\/wp\/v2\/pages\/20\/revisions\/377"}],"wp:attachment":[{"href":"https:\/\/vera.visuelle.design\/index.php?rest_route=%2Fwp%2Fv2%2Fmedia&parent=20"}],"curies":[{"name":"wp","href":"https:\/\/api.w.org\/{rel}","templated":true}]}}